{"id":56,"date":"2023-10-11T18:09:08","date_gmt":"2023-10-11T16:09:08","guid":{"rendered":"http:\/\/iniso.fr\/?page_id=56"},"modified":"2024-08-30T17:55:06","modified_gmt":"2024-08-30T15:55:06","slug":"fibre-optique","status":"publish","type":"page","link":"https:\/\/iniso.fr\/index.php\/fibre-optique\/","title":{"rendered":"Fibre optique"},"content":{"rendered":"\n<h2 class=\"wp-block-heading\"><strong>Comp\u00e9tences Fibre Optique<\/strong><\/h2>\n\n\n\n<p>D\u00e9ploiement du r\u00e9seau fibre optique dans :<\/p>\n\n\n\n<ul class=\"wp-block-list\">\n<li>La rue, pour les op\u00e9rateurs ou les collectivit\u00e9s,<\/li>\n\n\n\n<li>Les parties communes d&#8217;immeubles pour les op\u00e9rateurs ou les maitres d\u2019\u0153uvre dans les immeubles neufs,<\/li>\n\n\n\n<li>Les logements (appartements et maisons) et les locaux commerciaux et\/ou industriels pour les op\u00e9rateurs (Orange, SFR, Free et Bouygues),<\/li>\n\n\n\n<li>Entre plusieurs baies informatiques r\u00e9parties en plusieurs endroits d&#8217;un b\u00e2timent.<\/li>\n<\/ul>\n\n\n\n<p>Tout cela est fait en respectant les derni\u00e8res normes des op\u00e9rateurs et des organismes de validation en posant et raccordant des :<\/p>\n\n\n<div class=\"wp-block-image\">\n<figure class=\"alignright size-large is-resized\"><img loading=\"lazy\" decoding=\"async\" width=\"1024\" height=\"768\" src=\"https:\/\/iniso.fr\/wp-content\/uploads\/2024\/08\/BPI_PB_SRI_PC-2-1024x768.jpg\" alt=\"\" class=\"wp-image-147\" style=\"width:265px;height:auto\" srcset=\"https:\/\/iniso.fr\/wp-content\/uploads\/2024\/08\/BPI_PB_SRI_PC-2-1024x768.jpg 1024w, https:\/\/iniso.fr\/wp-content\/uploads\/2024\/08\/BPI_PB_SRI_PC-2-300x225.jpg 300w, https:\/\/iniso.fr\/wp-content\/uploads\/2024\/08\/BPI_PB_SRI_PC-2-768x576.jpg 768w, https:\/\/iniso.fr\/wp-content\/uploads\/2024\/08\/BPI_PB_SRI_PC-2-1536x1152.jpg 1536w, https:\/\/iniso.fr\/wp-content\/uploads\/2024\/08\/BPI_PB_SRI_PC-2-2048x1536.jpg 2048w\" sizes=\"auto, (max-width: 1024px) 100vw, 1024px\" \/><\/figure>\n<\/div>\n\n\n<ul class=\"wp-block-list\">\n<li>DTIO \/ PTO (avec kit de raccordement),<\/li>\n\n\n\n<li>PB,<\/li>\n\n\n\n<li>Rocade ou colonne montante optique,<\/li>\n\n\n\n<li>BPI,<\/li>\n\n\n\n<li>PMI,<\/li>\n\n\n\n<li>Tiroir optique dans baie informatique.<\/li>\n<\/ul>\n\n\n\n<p>Avec test de validation par crayon laser et reflectom\u00e9trie.<\/p>\n\n\n\n<h2 class=\"wp-block-heading\"><strong>R\u00e9paration et modification d&#8217;installation<\/strong><\/h2>\n\n\n\n<p class=\"has-black-color has-text-color\">Nous r\u00e9alisons tout type de travaux pour la r\u00e9paration et\/ou la modification de votre installation fibre optique :<\/p>\n\n\n\n<ul class=\"wp-block-list\">\n<li>D\u00e9placement\/Cr\u00e9ation d\u2019une Prise de Terminaison Optique (PTO),<\/li>\n\n\n\n<li>Passage d\u2019un nouveau c\u00e2ble en fourreau souterrain suite \u00e0 une modification du cheminement ext\u00e9rieur,<\/li>\n\n\n\n<li>Installation d\u2019un tableau de communication.<\/li>\n<\/ul>\n\n\n\n<h2 class=\"wp-block-heading\"><strong>Raccordement et maintenance du r\u00e9seau<\/strong><\/h2>\n\n\n\n<p class=\"has-black-color has-text-color\">Pour les diff\u00e9rents op\u00e9rateurs, nous r\u00e9alisons du :<\/p>\n\n\n\n<ul class=\"wp-block-list\">\n<li>Raccordement en D3 des logements sur le r\u00e9seau fibre optique en immeuble, chambre souterraine, fa\u00e7ade et en a\u00e9rien,<\/li>\n\n\n\n<li>D\u00e9ploiement du r\u00e9seau en D2,<\/li>\n\n\n\n<li>SAV en D3,<\/li>\n\n\n\n<li>Pr\u00e9-fibrage.<\/li>\n<\/ul>\n\n\n\n<h2 class=\"wp-block-heading\"><strong>Mesures et Tests<\/strong><\/h2>\n\n\n\n<p class=\"has-black-color has-text-color\">Nous sommes \u00e9quip\u00e9s de :<\/p>\n\n\n\n<ul class=\"wp-block-list\">\n<li>Crayons laser,<\/li>\n\n\n\n<li>Puissance-m\u00e8tres,<\/li>\n\n\n\n<li>Reflectom\u00e8tres.<\/li>\n<\/ul>\n\n\n\n<p class=\"has-black-color has-text-color\">Ces appareils nous permettent de fournir les r\u00e9sultats de test permettant la validation de travaux r\u00e9pondant aux diverses exigences des donneurs d&#8217;ordre (op\u00e9rateurs, collectivit\u00e9s).<\/p>\n\n\n\n<p class=\"has-black-color has-text-color\">Ces \u00e9quipements nous permettent aussi de r\u00e9aliser le diagnostic d&#8217;installations existantes et de proposer le cas \u00e9ch\u00e9ant une optimisation.<\/p>\n\n\n\n<p class=\"has-black-color has-text-color\">N&#8217;h\u00e9sitez pas \u00e0 <a href=\"https:\/\/iniso.fr\/index.php\/contact\/\">nous contacter<\/a> pour toute demande de devis, de renseignement ou de prise de contact.<\/p>\n","protected":false},"excerpt":{"rendered":"<p>Comp\u00e9tences Fibre Optique D\u00e9ploiement du r\u00e9seau fibre optique dans : Tout cela est fait en respectant les derni\u00e8res normes des op\u00e9rateurs et des organismes de validation en posant et raccordant des : Avec test de validation par crayon laser et<\/p>\n","protected":false},"author":1,"featured_media":0,"parent":0,"menu_order":0,"comment_status":"closed","ping_status":"closed","template":"","meta":{"footnotes":""},"class_list":["post-56","page","type-page","status-publish","hentry"],"_links":{"self":[{"href":"https:\/\/iniso.fr\/index.php\/wp-json\/wp\/v2\/pages\/56","targetHints":{"allow":["GET"]}}],"collection":[{"href":"https:\/\/iniso.fr\/index.php\/wp-json\/wp\/v2\/pages"}],"about":[{"href":"https:\/\/iniso.fr\/index.php\/wp-json\/wp\/v2\/types\/page"}],"author":[{"embeddable":true,"href":"https:\/\/iniso.fr\/index.php\/wp-json\/wp\/v2\/users\/1"}],"replies":[{"embeddable":true,"href":"https:\/\/iniso.fr\/index.php\/wp-json\/wp\/v2\/comments?post=56"}],"version-history":[{"count":13,"href":"https:\/\/iniso.fr\/index.php\/wp-json\/wp\/v2\/pages\/56\/revisions"}],"predecessor-version":[{"id":150,"href":"https:\/\/iniso.fr\/index.php\/wp-json\/wp\/v2\/pages\/56\/revisions\/150"}],"wp:attachment":[{"href":"https:\/\/iniso.fr\/index.php\/wp-json\/wp\/v2\/media?parent=56"}],"curies":[{"name":"wp","href":"https:\/\/api.w.org\/{rel}","templated":true}]}}